{"version":"1.0","provider_name":"Bliss - Nekem - Neked","provider_url":"https:\/\/bliss.cafeblog.hu","author_name":"Kammerer Edina","author_url":"https:\/\/bliss.cafeblog.hu\/author\/kammerer_edina\/","title":"A 9-es \u00e9v rezg\u00e9se","html":"<p style=\"text-align: justify\"><strong><img class=\"alignleft size-medium wp-image-922\" src=\"https:\/\/bliss.cafeblog.hu\/files\/2015\/12\/9-es-sz\u00e1m-300x216.jpg\" alt=\"9-es sz\u00e1m\" width=\"300\" height=\"216\" \/>Hiszek a sz\u00e1mok rezg\u00e9s\u00e9ben<\/strong>, sokat foglalkoztam m\u00e1r kor\u00e1bban is azzal, hogyan hatj\u00e1k \u00e1t a sz\u00e1mok az \u00e9letemet, s hogyan tudok a seg\u00edts\u00e9g\u00fckkel tudatosan meg\u00e9lni egy \u00e9vet. Miel\u0151tt tavaly, a sz\u00fclinapomkor bel\u00e9ptem volna a 9-es \u00e9vembe, v\u00e9gig gondoltam, hogy mi mindent adhat ez az \u00e9v, de<strong> a val\u00f3s\u00e1g mindig fel\u00fclm\u00falja az elk\u00e9pzel\u00e9st.<\/strong> M\u00e1s valamit tudni \u00e9s m\u00e1s azt megtapasztalni.<\/p>\r\n<p style=\"text-align: justify\"><strong>A 9-es a befejez\u00e9s \u00e9s a lez\u00e1r\u00e1s sz\u00e1ma.<\/strong> Az \u00e9let kerek\u00e9n az utols\u00f3 sz\u00e1m, miel\u0151tt elindul az \u00faj. A legmagasabb egyjegy\u0171 sz\u00e1m, ez\u00e9rt a <strong>legkifinomultabb \u00e9s a legfejlettebb<\/strong>. Ha jobban belegondolok, akkor mint egy lez\u00e1r\u00f3 \u00e9v, mag\u00e1ban foglalja az \u00f6ssze el\u0151tte l\u00e9v\u0151 \u00e9v tapasztalat\u00e1t, meg\u00e9l\u00e9s\u00e9t, \u00f6r\u00f6m\u00e9t \u00e9s b\u00e1nat\u00e1t, s ha j\u00f3l b\u00e1nunk a megtanultakkal, akkor a <strong>9-es \u00e9v seg\u00edti, hogy egy magasabb tudatoss\u00e1gi szintre emelkedj\u00fcnk<\/strong>, s \u00e1tl\u00e9nyeg\u00edts\u00fck magunkat az 1-es \u00fajrakezd\u0151, elind\u00edt\u00f3 \u00e9v\u00e9be. De csak \u00fagy tudunk \u00e1tl\u00e9nyeg\u00fclni, ha \u00f6sszegz\u00fcnk, s ha enged\u00fcnk bizonyos dolgokat t\u00e1volodni, amelyek m\u00e1r nem \u00e1llnak \u00f6sszhangban vel\u00fcnk. Hiszen az\u00e9rt v\u00e1ltoznak a dolgok k\u00f6r\u00fcl\u00f6tt\u00fcnk, mert mi magunk is v\u00e1ltozunk.<\/p>\r\n<p style=\"text-align: justify\">\u00c9n szeretek 7-es ciklusok helyett 9-esekben gondolkodni, mert sz\u00e1momra <strong>a 9-es sz\u00e1m a beavat\u00e1st jelenti,<\/strong> s \u00e1ltal\u00e1ban az anyam\u00e9hben is 9 h\u00f3napot t\u00f6lt\u00fcnk, s b\u00e1r a 7-es egy misztikus sz\u00e1m, de a <strong>9-es seg\u00edti a szellemi meg\u00e9rt\u00e9st egy ciklus v\u00e9g\u00e9n \u00e9ppen a beavat\u00e1s \u00e1ltal<\/strong>. A beavat\u00e1s pedig nem jelent t\u00f6bbet, mint elm\u00e9ly\u00edteni valamit, a l\u00e9ny\u00fcnk r\u00e9sz\u00e9v\u00e9 tenni, s h\u0171 maradni ahhoz az eszenci\u00e1hoz, ami\u00e9rt megharcoltunk. Hiszen minden \u00fajban ott rejlik valaminek a v\u00e9ge is.<\/p>\r\n<p style=\"text-align: justify\"><strong>A 9-es \u00e9vben nagy szerep jut az \u00f6nismeretnek \u00e9s a gy\u00f3gyul\u00e1snak<\/strong>. Hogyan is tudn\u00e1nk valamit az \u00e9let\u00fcnk r\u00e9sz\u00e9v\u00e9 tenni, ha nem tudjuk r\u00f3la biztosan, hogy egy\u00fctt rezeg a lelk\u00fcnkkel, hogy val\u00f3di-e. Ehhez sz\u00fcks\u00e9g\u00fcnk van arra, hogy \u0151szint\u00e9k legy\u00fcnk magunkhoz, s <strong>merj\u00fck megl\u00e1tni a saj\u00e1t igazs\u00e1gunkat<\/strong> helyzetekkel, emberekkel, elvekkel, hitekkel kapcsolatban, s merj\u00fcnk l\u00e1tsz\u00f3dni abban, amit igaznak hisz\u00fcnk. Ez\u00e9rt<strong> a 9-es \u00e9vben ott az er\u0151 is<\/strong>, ami t\u00e1mogat abban, hogy v\u00e9gig tudjuk vinni azt a gy\u00f3gyul\u00f3 folyamatot, amiben \u00f6sszegz\u00fcnk, lez\u00e1runk, megpihen\u00fcnk \u00e9s \u00fajra \u00fatra kel\u00fcnk. S ebben rejlik a <strong>felel\u0151ss\u00e9gv\u00e1llal\u00e1s<\/strong> t\u00e9mak\u00f6re is, v\u00e1llalom-e az \u00e9letem\u00e9rt a felel\u0151ss\u00e9get, merem-e megtenni azokat a dolgokat, amelyekt\u0151l jobb lesz az \u00e9letem, vagy engedem, hogy tov\u00e1bbra is m\u00e1sok mondj\u00e1k meg, hogyan \u00e9ljek.<\/p>\r\n<p style=\"text-align: justify\"><img class=\"alignright size-medium wp-image-923\" src=\"https:\/\/bliss.cafeblog.hu\/files\/2015\/12\/9-es-sz\u00e1m2-300x200.jpg\" alt=\"9-es sz\u00e1m2\" width=\"300\" height=\"200\" \/><strong>A 9-es \u00e9vben visszabontjuk magunkat<\/strong>, ha \u00fagy tetszik. Leh\u00e1mozzuk magunkr\u00f3l azokat a r\u00e9tegeket, <strong>amelyek r\u00e1nk z\u00e1rultak, de ink\u00e1bb fogva tartanak<\/strong>, mint t\u00e1pl\u00e1lnak. \u00cdgy jutunk el bel\u00fclre, s \u00edgy tal\u00e1ljuk meg \u00fajra \u00f6nmagunkat, m\u00e1r egy kicsit m\u00e1sk\u00e9ppen, mint el\u0151tte. 9 \u00e9v hossz\u00fa id\u0151, sok minden t\u00f6rt\u00e9nik vel\u00fcnk ezalatt az id\u0151 alatt. S a 9-es \u00e9v a <strong>Remete \u00e9ve<\/strong>, ami nem jelenti azt, hogy az embernek egyed\u00fcl kell lennie, sokkal ink\u00e1bb azt, hogy ig\u00e9nyli az egyed\u00fcll\u00e9tet, <strong>hiszen ebben a csendben, a magunkra f\u00f3kusz\u00e1l\u00e1s csendj\u00e9ben fogjuk meghallani a bels\u0151 hangunkat<\/strong>, \u00edgy tudunk csak a bels\u0151 mesterrel kapcsol\u00f3dni, \u00edgy tudunk eligazodni a sz\u00e1mos \u00fatveszt\u0151ben, s \u00edgy tudjuk \u00fajra az igazi \u00e9rt\u00e9keket meglelni magunkban.<\/p>\r\n<p style=\"text-align: justify\">Amikor egy \u00fatel\u00e1gaz\u00e1shoz \u00e9r\u00fcnk, azt csakis a k\u00f6z\u00e9ppontunkban \u00e1llva tudjuk eld\u00f6nteni, hogy merre akarunk tov\u00e1bb haladni. Ha kibillen\u00fcnk egyik vagy m\u00e1sik oldalra, m\u00e1r nem vagyunk semlegesek. <strong>A 9-es \u00e9vben mindig feler\u0151s\u00f6dik a szellemi \u00fat felv\u00e1llal\u00e1sa<\/strong>. Term\u00e9szetesen nem mindig figyel\u00fcnk oda erre, hiszen lehet\u00fcnk passz\u00edvak is, vagy ellen is \u00e1llhatunk a v\u00e1ltoz\u00e1snak. Ebben az esetben a 9-es \u00e9v sok neh\u00e9zs\u00e9get \u00e9s fesz\u00fclts\u00e9get tartogathat sz\u00e1munkra.<\/p>\r\n<p style=\"text-align: justify\"><strong>Ugyanakkor a 9-es \u00e9v egy inspir\u00e1lt \u00e9v, hiszen a tudatoss\u00e1g fejleszt\u00e9s\u00e9t szolg\u00e1lja.<\/strong> A kreat\u00edv energi\u00e1ink d\u00fcb\u00f6r\u00f6gnek, s aminek van l\u00e9tjogosults\u00e1ga, s \u00e1tvisz\u00fcnk az 1-es \u00e9vbe, az mind t\u00e1mogatva van egy nem mindennapi er\u0151vel.<\/p>\r\n<p style=\"text-align: justify\">Nem volt mindig k\u00f6nny\u0171 \u00e9v sz\u00e1momra a 9-es \u00e9v, mert a m\u00e9lys\u00e9ge olyan helyekre h\u00fazott, amiket legsz\u00edvesebben elker\u00fcltem volna, de m\u00e9gsem b\u00e1nom, hiszen egyre tiszt\u00e1bban l\u00e1tok. Megtanultam, hogy mit jelent a sorsunk ir\u00e1nt al\u00e1zattal viseltetni \u00e9s azt is megtanultam, hogy a t\u00fcrelem m\u0171v\u00e9szete egy olyan beavat\u00e1s, ami az \u00e9letet \u00e9s a fejl\u0151d\u00e9st szolg\u00e1lja egy nagyon magas okt\u00e1von.<\/p>\r\n<p style=\"text-align: justify\"><strong>Hogyan sz\u00e1mold ki, hogy h\u00e1nyas \u00e9ved van?<\/strong> \u00c9n 11.27-\u00e9n sz\u00fclettem, teh\u00e1t az el\u0151z\u0151 \u00e9vem 2014.11.27-\u00e9n kezd\u0151d\u00f6tt \u00e9s 2015.11.27-\u00e9n \u00e9rt v\u00e9get. \u00cdgy \u00f6sszeadjuk a d\u00e1tumokat: 2+0+1+4+1+1+2+7=9.<\/p>\r\n<p style=\"text-align: justify\">2015.11.27-\u00e9n elindult az 1-es \u00e9vem, ami 2016. 11.27-ig fog tartani. Var\u00e1zslatos utaz\u00e1st! :)<\/p>\r\n<p style=\"text-align: justify\"><strong><a href=\"https:\/\/www.facebook.com\/Kammerer-Edina-Bliss-1466106826972841\/\" target=\"_blank\">Kammerer Edina Bliss<\/a><\/strong><\/p>\r\n<p style=\"text-align: justify\">Szerz\u0151i \u00e9s minden jog fenntartva. Megoszthat\u00f3 v\u00e1ltoztat\u00e1s n\u00e9lk\u00fcl. Minden egy\u00e9b terjeszt\u00e9s enged\u00e9lyk\u00f6teles.<\/p>\r\n<p style=\"text-align: justify\"><a href=\"http:\/\/www.blissragyogas.hu\" target=\"_blank\"><strong>www.blissragyogas.hu<\/strong> <\/a><\/p>","type":"rich"}